{"id":19556,"date":"2025-07-16T09:09:06","date_gmt":"2025-07-16T07:09:06","guid":{"rendered":"https:\/\/www.fmiv.nu\/wordpress\/?page_id=19556"},"modified":"2026-01-23T09:37:33","modified_gmt":"2026-01-23T08:37:33","slug":"sommarradion-2025","status":"publish","type":"page","link":"https:\/\/www.fmiv.nu\/wordpress\/?page_id=19556","title":{"rendered":"Sommarradion 2025"},"content":{"rendered":"\n<p>Sommarradion \u00e4r ett frist\u00e5ende projekt som V\u00e4ster\u00e5s N\u00e4rradio arrangerar i samarbete med V\u00e4ster\u00e5s Stad, AME (arbetsmarknadsenheten) Region V\u00e4stmanland och lokala sponsorer. Det ing\u00e5r i ett st\u00f6rre projekt d\u00e4r V\u00e4ster\u00e5s stad erbjuder feriepraktik till unga. H\u00e4r nedan kan du l\u00e4sa om projektet (2025).<\/p>\n\n\n\n<figure class=\"wp-block-pullquote\"><blockquote><p>Det har varit underbart att jobba h\u00e4r p\u00e5 radion, jag har l\u00e4rt mig massor, vuxit som person och haft sjukt kul.<\/p><cite>Muna<\/cite><\/blockquote><\/figure>\n\n\n\n<p>Tio gymnasieungdomar fr\u00e5n V\u00e4ster\u00e5s har arbetat med att s\u00e4nda radio varje vardag. F\u00f6rsta veckan fick samtliga ungdomar undervisning i direkts\u00e4ndning, intervjuteknik, mediatr\u00e4ning med mer, d\u00e4refter blev de uppdelade i tv\u00e5 grupper som turades om att ansvara f\u00f6r direkts\u00e4ndningarna som p\u00e5gick under tre veckors tid.<\/p>\n\n\n\n<figure class=\"wp-block-pullquote\"><blockquote><p>Vi tackar Amanda och Klaas som hj\u00e4lpt oss och l\u00e4rt oss om allt h\u00e4r p\u00e5 radion. Det har varit b\u00e5de l\u00e4skigt och roligt att f\u00e5 s\u00e4nda i radio men jag tror att vi har \u00e4nd\u00e5 lyckats och gjort v\u00e5rt b\u00e4sta. Vi hoppas \u00e4ven att n\u00e4sta grupp har lika roligt som oss och att sommarradion forts\u00e4tter. V\u00e5rt tips \u00e4r att samarbeta med dina kollegor och dela upp uppgifter. PS. l\u00e5t alla i gruppen f\u00e5 sitta i soffan d\u00e5 och d\u00e5. &#8211; Wilma, <\/p><cite>Mayssaa och Adriel<\/cite><\/blockquote><\/figure>\n\n\n\n<figure class=\"wp-block-image size-large\"><a href=\"https:\/\/www.fmiv.nu\/wordpress\/wp-content\/uploads\/2025\/08\/Ellen-Viktor-Adriel-Vilma-Mayssaa.png\"><img loading=\"lazy\" decoding=\"async\" width=\"1024\" height=\"678\" src=\"https:\/\/www.fmiv.nu\/wordpress\/wp-content\/uploads\/2025\/08\/Ellen-Viktor-Adriel-Vilma-Mayssaa-1024x678.png\" alt=\"\" class=\"wp-image-19628\" srcset=\"https:\/\/www.fmiv.nu\/wordpress\/wp-content\/uploads\/2025\/08\/Ellen-Viktor-Adriel-Vilma-Mayssaa-1024x678.png 1024w, https:\/\/www.fmiv.nu\/wordpress\/wp-content\/uploads\/2025\/08\/Ellen-Viktor-Adriel-Vilma-Mayssaa-300x199.png 300w, https:\/\/www.fmiv.nu\/wordpress\/wp-content\/uploads\/2025\/08\/Ellen-Viktor-Adriel-Vilma-Mayssaa-768x509.png 768w, https:\/\/www.fmiv.nu\/wordpress\/wp-content\/uploads\/2025\/08\/Ellen-Viktor-Adriel-Vilma-Mayssaa-1536x1017.png 1536w, https:\/\/www.fmiv.nu\/wordpress\/wp-content\/uploads\/2025\/08\/Ellen-Viktor-Adriel-Vilma-Mayssaa-2048x1356.png 2048w\" sizes=\"auto, (max-width: 1024px) 100vw, 1024px\" \/><\/a><\/figure>\n\n\n\n<p>En av de obligatoriska uppgifterna var att ta reda p\u00e5 mer om f\u00f6retaget PREVAS Industrial Inovation som var en av v\u00e5ra sponsorer f\u00f6r sommarradion 2025. H\u00e4r kan du lyssna p\u00e5 n\u00e4r Ellen intervjuar Magnus L\u00f6fberg VD f\u00f6r f\u00f6retaget. N\u00e5gra ungdoma var intresserade av V\u00e4ster\u00e5s histori. <\/p>\n\n\n\n<figure class=\"wp-block-audio\"><audio controls src=\"https:\/\/www.fmiv.nu\/wordpress\/wp-content\/uploads\/2025\/08\/Intervju-med-Magnus-Lofberg.mp3\"><\/audio><\/figure>\n\n\n\n<figure class=\"wp-block-pullquote\"><blockquote><p>Det h\u00e4r var G.O.A.T, haj\u2026d\u00e5.<\/p><cite>Elsa<\/cite><\/blockquote><\/figure>\n\n\n\n<figure class=\"wp-block-image size-large\"><a href=\"https:\/\/www.fmiv.nu\/wordpress\/wp-content\/uploads\/2025\/08\/Elsa-Maja-1.png\"><img loading=\"lazy\" decoding=\"async\" width=\"931\" height=\"1024\" src=\"https:\/\/www.fmiv.nu\/wordpress\/wp-content\/uploads\/2025\/08\/Elsa-Maja-1-931x1024.png\" alt=\"\" class=\"wp-image-19655\" srcset=\"https:\/\/www.fmiv.nu\/wordpress\/wp-content\/uploads\/2025\/08\/Elsa-Maja-1-931x1024.png 931w, https:\/\/www.fmiv.nu\/wordpress\/wp-content\/uploads\/2025\/08\/Elsa-Maja-1-273x300.png 273w, https:\/\/www.fmiv.nu\/wordpress\/wp-content\/uploads\/2025\/08\/Elsa-Maja-1-768x844.png 768w, https:\/\/www.fmiv.nu\/wordpress\/wp-content\/uploads\/2025\/08\/Elsa-Maja-1-1397x1536.png 1397w, https:\/\/www.fmiv.nu\/wordpress\/wp-content\/uploads\/2025\/08\/Elsa-Maja-1.png 1500w\" sizes=\"auto, (max-width: 931px) 100vw, 931px\" \/><\/a><\/figure>\n\n\n\n<p>H\u00e4r kan du h\u00f6ra ett kort klipp n\u00e4r de intervjuar Rebecka Svensson, hon ber\u00e4ttar om hur man utvann j\u00e4rnmalm i Norbergs gruvor och fraktade till V\u00e4ster\u00e5s p\u00e5 Svart\u00e5n. Det h\u00e4r \u00e4r en direkts\u00e4ndning och tyv\u00e4rr \u00e4r ljudkvaliten lite s\u00e4mre.<\/p>\n\n\n\n<figure class=\"wp-block-audio\"><audio controls src=\"https:\/\/www.fmiv.nu\/wordpress\/wp-content\/uploads\/2026\/01\/Rebekka-beratar-om-transport-av-jarnmalm.mp3\"><\/audio><\/figure>\n\n\n\n<figure class=\"wp-block-pullquote\"><blockquote><p>Det har varit ett roligt och l\u00e4rorikt jobb och kul att f\u00e5 veta hur det \u00e4r att s\u00e4nda radio.<\/p><cite>Maja<\/cite><\/blockquote><\/figure>\n\n\n\n<figure class=\"wp-block-image size-large\"><a href=\"https:\/\/www.fmiv.nu\/wordpress\/wp-content\/uploads\/2025\/08\/Ungdomar-gar-upp-for-trappan.png\"><img loading=\"lazy\" decoding=\"async\" width=\"993\" height=\"1024\" src=\"https:\/\/www.fmiv.nu\/wordpress\/wp-content\/uploads\/2025\/08\/Ungdomar-gar-upp-for-trappan-993x1024.png\" alt=\"\" class=\"wp-image-19630\" srcset=\"https:\/\/www.fmiv.nu\/wordpress\/wp-content\/uploads\/2025\/08\/Ungdomar-gar-upp-for-trappan-993x1024.png 993w, https:\/\/www.fmiv.nu\/wordpress\/wp-content\/uploads\/2025\/08\/Ungdomar-gar-upp-for-trappan-291x300.png 291w, https:\/\/www.fmiv.nu\/wordpress\/wp-content\/uploads\/2025\/08\/Ungdomar-gar-upp-for-trappan-768x792.png 768w, https:\/\/www.fmiv.nu\/wordpress\/wp-content\/uploads\/2025\/08\/Ungdomar-gar-upp-for-trappan-1489x1536.png 1489w, https:\/\/www.fmiv.nu\/wordpress\/wp-content\/uploads\/2025\/08\/Ungdomar-gar-upp-for-trappan-1986x2048.png 1986w\" sizes=\"auto, (max-width: 993px) 100vw, 993px\" \/><\/a><\/figure>\n\n\n\n<figure class=\"wp-block-pullquote\"><blockquote><p>Det har varit trevligt och roligt att f\u00e5 jobba h\u00e4r med alla.<\/p><cite> Wiktor.<\/cite><\/blockquote><\/figure>\n\n\n\n<figure class=\"wp-block-image size-large\"><a href=\"https:\/\/www.fmiv.nu\/wordpress\/wp-content\/uploads\/2025\/08\/Maja-Elsa-Viktor-1-1.png\"><img loading=\"lazy\" decoding=\"async\" width=\"1024\" height=\"696\" src=\"https:\/\/www.fmiv.nu\/wordpress\/wp-content\/uploads\/2025\/08\/Maja-Elsa-Viktor-1-1-1024x696.png\" alt=\"\" class=\"wp-image-19656\" srcset=\"https:\/\/www.fmiv.nu\/wordpress\/wp-content\/uploads\/2025\/08\/Maja-Elsa-Viktor-1-1-1024x696.png 1024w, https:\/\/www.fmiv.nu\/wordpress\/wp-content\/uploads\/2025\/08\/Maja-Elsa-Viktor-1-1-300x204.png 300w, https:\/\/www.fmiv.nu\/wordpress\/wp-content\/uploads\/2025\/08\/Maja-Elsa-Viktor-1-1-768x522.png 768w, https:\/\/www.fmiv.nu\/wordpress\/wp-content\/uploads\/2025\/08\/Maja-Elsa-Viktor-1-1.png 1472w\" sizes=\"auto, (max-width: 1024px) 100vw, 1024px\" \/><\/a><\/figure>\n\n\n\n<figure class=\"wp-block-pullquote\"><blockquote><p>Det har varit en unik upplevelse att s\u00e4nda radio, d\u00e4r jag har f\u00e5tt chansen att testa allt fr\u00e5n att prata live i s\u00e4ndning till att klippa inslag och uppdatera p\u00e5 sociala medier. Vi har dykt ner i \u00e4mnen jag aldrig tidigare h\u00f6rt pratas om i radio, och vi har f\u00e5tt tr\u00e4ffa m\u00e5nga sp\u00e4nnande m\u00e4nniskor. Tack f\u00f6r en otrolig sommar! <\/p><cite>Elena<\/cite><\/blockquote><\/figure>\n\n\n\n<figure class=\"wp-block-pullquote\"><blockquote><p>Att s\u00e4nda radio var n\u00e5got nytt, och det har varit en rolig upplevelse p\u00e5 alla plan. Man har l\u00e4rt k\u00e4nna nya m\u00e4nniskor mer som v\u00e4nner \u00e4n kollegor och det har \u00e4rligt talat inte k\u00e4nts som ett riktigt jobb, vilket var bra. Tack f\u00f6r den h\u00e4r tiden, hoppas vi ses igen! PS. det fanns plats i soffan bredvid\u2026<\/p><cite>Ellen &amp; Victor<\/cite><\/blockquote><\/figure>\n","protected":false},"excerpt":{"rendered":"<p>Sommarradion \u00e4r ett frist\u00e5ende projekt som V\u00e4ster\u00e5s N\u00e4rradio arrangerar i samarbete med V\u00e4ster\u00e5s Stad, AME (arbetsmarknadsenheten) Region V\u00e4stmanland och lokala sponsorer. Det ing\u00e5r i ett st\u00f6rre projekt d\u00e4r V\u00e4ster\u00e5s stad erbjuder feriepraktik till unga. H\u00e4r nedan kan du l\u00e4sa om projektet (2025). Det har varit underbart att jobba h\u00e4r p\u00e5 radion, jag har l\u00e4rt mig&hellip;&nbsp;<a href=\"https:\/\/www.fmiv.nu\/wordpress\/?page_id=19556\" rel=\"bookmark\">Read More &raquo;<span class=\"screen-reader-text\">Sommarradion 2025<\/span><\/a><\/p>\n","protected":false},"author":15,"featured_media":0,"parent":0,"menu_order":0,"comment_status":"closed","ping_status":"closed","template":"","meta":{"neve_meta_sidebar":"","neve_meta_container":"","neve_meta_enable_content_width":"","neve_meta_content_width":0,"neve_meta_title_alignment":"","neve_meta_author_avatar":"","neve_post_elements_order":"","neve_meta_disable_header":"","neve_meta_disable_footer":"","neve_meta_disable_title":"","neve_meta_reading_time":"","footnotes":""},"class_list":["post-19556","page","type-page","status-publish","hentry"],"_links":{"self":[{"href":"https:\/\/www.fmiv.nu\/wordpress\/index.php?rest_route=\/wp\/v2\/pages\/19556","targetHints":{"allow":["GET"]}}],"collection":[{"href":"https:\/\/www.fmiv.nu\/wordpress\/index.php?rest_route=\/wp\/v2\/pages"}],"about":[{"href":"https:\/\/www.fmiv.nu\/wordpress\/index.php?rest_route=\/wp\/v2\/types\/page"}],"author":[{"embeddable":true,"href":"https:\/\/www.fmiv.nu\/wordpress\/index.php?rest_route=\/wp\/v2\/users\/15"}],"replies":[{"embeddable":true,"href":"https:\/\/www.fmiv.nu\/wordpress\/index.php?rest_route=%2Fwp%2Fv2%2Fcomments&post=19556"}],"version-history":[{"count":24,"href":"https:\/\/www.fmiv.nu\/wordpress\/index.php?rest_route=\/wp\/v2\/pages\/19556\/revisions"}],"predecessor-version":[{"id":20244,"href":"https:\/\/www.fmiv.nu\/wordpress\/index.php?rest_route=\/wp\/v2\/pages\/19556\/revisions\/20244"}],"wp:attachment":[{"href":"https:\/\/www.fmiv.nu\/wordpress\/index.php?rest_route=%2Fwp%2Fv2%2Fmedia&parent=19556"}],"curies":[{"name":"wp","href":"https:\/\/api.w.org\/{rel}","templated":true}]}}