{"id":15645,"date":"2023-07-13T13:11:15","date_gmt":"2023-07-13T11:11:15","guid":{"rendered":"https:\/\/www.fmiv.nu\/wordpress\/?page_id=15645"},"modified":"2023-09-26T10:47:39","modified_gmt":"2023-09-26T08:47:39","slug":"sommarradion-2023","status":"publish","type":"page","link":"https:\/\/www.fmiv.nu\/wordpress\/?page_id=15645","title":{"rendered":"Sommarradion 2023"},"content":{"rendered":"\n<p>Sommarradion \u00e4r ett \u00e5terkommande projekt som radion arrangerar i samarbete med V\u00e4ster\u00e5s Stad AME (arbetsmarknadsenheten) och lokala sponsorer. L\u00e4s mer om hur det gick till \u00e5r 2023!<\/p>\n\n\n\n<p>\u00c5tta gymnasieungdomar har i fyra veckor arbetat med att s\u00e4nda sommarradio varje vardag. Ungdomarna har blivit uppdelade i tv\u00e5 grupper. Grupperna arbetade enskilt och tr\u00e4ffade varandra p\u00e5 luncherna d\u00e4r de delade id\u00e9er och umgicks med varandra. F\u00f6rsta veckan fick de undervisning, d\u00e4refter direkts\u00e4nde de varje vardag i tre veckor. S\u00e4ndningarna inneh\u00f6ll b\u00e5de prat och musik, de best\u00e4mde sj\u00e4lva \u00e4mnen och s\u00f6kte information. Ungdomarna har \u00e4ven intervjuat personer om de \u00e4mnen som de pratar om. Det har dels varit personer de tr\u00e4ffat och intervjuat p\u00e5 stan men de har \u00e4ven genomf\u00f6rt intervjuer \u00f6ver telefon och videosamtal. N\u00e5gra personer har \u00e4ven medverkat i direkts\u00e4ndning.<\/p>\n\n\n\n<figure class=\"wp-block-image size-large\"><a href=\"https:\/\/www.fmiv.nu\/wordpress\/wp-content\/uploads\/2023\/09\/Beskuren-bild-pa-en-ungdom-1-scaled.jpg\"><img loading=\"lazy\" decoding=\"async\" width=\"1024\" height=\"702\" src=\"https:\/\/www.fmiv.nu\/wordpress\/wp-content\/uploads\/2023\/09\/Beskuren-bild-pa-en-ungdom-1-1024x702.jpg\" alt=\"\" class=\"wp-image-16001\" srcset=\"https:\/\/www.fmiv.nu\/wordpress\/wp-content\/uploads\/2023\/09\/Beskuren-bild-pa-en-ungdom-1-1024x702.jpg 1024w, https:\/\/www.fmiv.nu\/wordpress\/wp-content\/uploads\/2023\/09\/Beskuren-bild-pa-en-ungdom-1-300x206.jpg 300w, https:\/\/www.fmiv.nu\/wordpress\/wp-content\/uploads\/2023\/09\/Beskuren-bild-pa-en-ungdom-1-768x527.jpg 768w, https:\/\/www.fmiv.nu\/wordpress\/wp-content\/uploads\/2023\/09\/Beskuren-bild-pa-en-ungdom-1-1536x1053.jpg 1536w, https:\/\/www.fmiv.nu\/wordpress\/wp-content\/uploads\/2023\/09\/Beskuren-bild-pa-en-ungdom-1-2048x1404.jpg 2048w\" sizes=\"auto, (max-width: 1024px) 100vw, 1024px\" \/><\/a><figcaption>En ungdom har en intervju med en sponsor Web IT solution via zoom.<\/figcaption><\/figure>\n\n\n\n<figure class=\"wp-block-image size-large is-resized\"><a href=\"https:\/\/www.fmiv.nu\/wordpress\/wp-content\/uploads\/2023\/07\/P1040018-scaled.jpg\"><img loading=\"lazy\" decoding=\"async\" src=\"https:\/\/www.fmiv.nu\/wordpress\/wp-content\/uploads\/2023\/07\/P1040018-1024x768.jpg\" alt=\"\" class=\"wp-image-15689\" width=\"668\" height=\"501\" srcset=\"https:\/\/www.fmiv.nu\/wordpress\/wp-content\/uploads\/2023\/07\/P1040018-1024x768.jpg 1024w, https:\/\/www.fmiv.nu\/wordpress\/wp-content\/uploads\/2023\/07\/P1040018-300x225.jpg 300w, https:\/\/www.fmiv.nu\/wordpress\/wp-content\/uploads\/2023\/07\/P1040018-768x576.jpg 768w, https:\/\/www.fmiv.nu\/wordpress\/wp-content\/uploads\/2023\/07\/P1040018-1536x1152.jpg 1536w, https:\/\/www.fmiv.nu\/wordpress\/wp-content\/uploads\/2023\/07\/P1040018-2048x1536.jpg 2048w\" sizes=\"auto, (max-width: 668px) 100vw, 668px\" \/><\/a><figcaption>B\u00e5da grupperna har en live intervju med Bj\u00f6rn Sandvall fr\u00e5n Castellum om h\u00e5llbarhet<\/figcaption><\/figure>\n\n\n\n<figure class=\"wp-block-audio\"><audio controls src=\"https:\/\/www.fmiv.nu\/wordpress\/wp-content\/uploads\/2023\/07\/Sommarradion-formiddagsintervju-med-Bjorn-fran-Castellum.mp3\"><\/audio><figcaption>H\u00e4r kan du lyssna p\u00e5 deras intervju med Bj\u00f6rn Sandvall<\/figcaption><\/figure>\n\n\n\n<figure class=\"wp-block-image size-large\"><a href=\"https:\/\/www.fmiv.nu\/wordpress\/wp-content\/uploads\/2023\/09\/Beskuren-bild-pa-intervju-med-castellum-scaled.jpg\"><img loading=\"lazy\" decoding=\"async\" width=\"1024\" height=\"667\" src=\"https:\/\/www.fmiv.nu\/wordpress\/wp-content\/uploads\/2023\/09\/Beskuren-bild-pa-intervju-med-castellum-1024x667.jpg\" alt=\"\" class=\"wp-image-16004\" srcset=\"https:\/\/www.fmiv.nu\/wordpress\/wp-content\/uploads\/2023\/09\/Beskuren-bild-pa-intervju-med-castellum-1024x667.jpg 1024w, https:\/\/www.fmiv.nu\/wordpress\/wp-content\/uploads\/2023\/09\/Beskuren-bild-pa-intervju-med-castellum-300x195.jpg 300w, https:\/\/www.fmiv.nu\/wordpress\/wp-content\/uploads\/2023\/09\/Beskuren-bild-pa-intervju-med-castellum-768x500.jpg 768w, https:\/\/www.fmiv.nu\/wordpress\/wp-content\/uploads\/2023\/09\/Beskuren-bild-pa-intervju-med-castellum-1536x1000.jpg 1536w, https:\/\/www.fmiv.nu\/wordpress\/wp-content\/uploads\/2023\/09\/Beskuren-bild-pa-intervju-med-castellum-2048x1333.jpg 2048w\" sizes=\"auto, (max-width: 1024px) 100vw, 1024px\" \/><\/a><\/figure>\n\n\n\n<figure class=\"wp-block-audio\"><audio controls src=\"https:\/\/www.fmiv.nu\/wordpress\/wp-content\/uploads\/2023\/08\/Sommarradion-eftermiddagsintervju-med-Bjorn-fran-Castellum.mp3\"><\/audio><figcaption>H\u00e4r kan du lyssna p\u00e5 deras intervju med Bj\u00f6rn Sandvall<\/figcaption><\/figure>\n\n\n\n<figure class=\"wp-block-gallery columns-1 is-cropped wp-block-gallery-1 is-layout-flex wp-block-gallery-is-layout-flex\"><ul class=\"blocks-gallery-grid\"><li class=\"blocks-gallery-item\"><figure><a href=\"https:\/\/www.fmiv.nu\/wordpress\/wp-content\/uploads\/2023\/09\/beskuren-bil-pa-intervju-med-Castellum-scaled.jpg\"><img loading=\"lazy\" decoding=\"async\" width=\"1024\" height=\"663\" src=\"https:\/\/www.fmiv.nu\/wordpress\/wp-content\/uploads\/2023\/09\/beskuren-bil-pa-intervju-med-Castellum-1024x663.jpg\" alt=\"\" data-id=\"15997\" data-full-url=\"https:\/\/www.fmiv.nu\/wordpress\/wp-content\/uploads\/2023\/09\/beskuren-bil-pa-intervju-med-Castellum-scaled.jpg\" data-link=\"https:\/\/www.fmiv.nu\/wordpress\/?attachment_id=15997\" class=\"wp-image-15997\" srcset=\"https:\/\/www.fmiv.nu\/wordpress\/wp-content\/uploads\/2023\/09\/beskuren-bil-pa-intervju-med-Castellum-1024x663.jpg 1024w, https:\/\/www.fmiv.nu\/wordpress\/wp-content\/uploads\/2023\/09\/beskuren-bil-pa-intervju-med-Castellum-300x194.jpg 300w, https:\/\/www.fmiv.nu\/wordpress\/wp-content\/uploads\/2023\/09\/beskuren-bil-pa-intervju-med-Castellum-768x497.jpg 768w, https:\/\/www.fmiv.nu\/wordpress\/wp-content\/uploads\/2023\/09\/beskuren-bil-pa-intervju-med-Castellum-1536x994.jpg 1536w, https:\/\/www.fmiv.nu\/wordpress\/wp-content\/uploads\/2023\/09\/beskuren-bil-pa-intervju-med-Castellum-2048x1325.jpg 2048w\" sizes=\"auto, (max-width: 1024px) 100vw, 1024px\" \/><\/a><\/figure><\/li><\/ul><\/figure>\n\n\n\n<figure class=\"wp-block-image size-large is-resized\"><a href=\"https:\/\/www.fmiv.nu\/wordpress\/wp-content\/uploads\/2023\/07\/P1040020-scaled.jpg\"><img loading=\"lazy\" decoding=\"async\" src=\"https:\/\/www.fmiv.nu\/wordpress\/wp-content\/uploads\/2023\/07\/P1040020-1024x768.jpg\" alt=\"\" class=\"wp-image-15692\" width=\"662\" height=\"497\" srcset=\"https:\/\/www.fmiv.nu\/wordpress\/wp-content\/uploads\/2023\/07\/P1040020-1024x768.jpg 1024w, https:\/\/www.fmiv.nu\/wordpress\/wp-content\/uploads\/2023\/07\/P1040020-300x225.jpg 300w, https:\/\/www.fmiv.nu\/wordpress\/wp-content\/uploads\/2023\/07\/P1040020-768x576.jpg 768w, https:\/\/www.fmiv.nu\/wordpress\/wp-content\/uploads\/2023\/07\/P1040020-1536x1152.jpg 1536w, https:\/\/www.fmiv.nu\/wordpress\/wp-content\/uploads\/2023\/07\/P1040020-2048x1536.jpg 2048w\" sizes=\"auto, (max-width: 662px) 100vw, 662px\" \/><\/a><figcaption>Exempel p\u00e5 hur det har sett ut p\u00e5 redaktionen, med f\u00f6rberedelser inf\u00f6r s\u00e4ndningar<\/figcaption><\/figure>\n\n\n\n<figure class=\"wp-block-image size-large is-resized\"><a href=\"https:\/\/www.fmiv.nu\/wordpress\/wp-content\/uploads\/2023\/07\/P1040022-scaled.jpg\"><img loading=\"lazy\" decoding=\"async\" src=\"https:\/\/www.fmiv.nu\/wordpress\/wp-content\/uploads\/2023\/07\/P1040022-1024x768.jpg\" alt=\"\" class=\"wp-image-15694\" width=\"658\" height=\"494\" srcset=\"https:\/\/www.fmiv.nu\/wordpress\/wp-content\/uploads\/2023\/07\/P1040022-1024x768.jpg 1024w, https:\/\/www.fmiv.nu\/wordpress\/wp-content\/uploads\/2023\/07\/P1040022-300x225.jpg 300w, https:\/\/www.fmiv.nu\/wordpress\/wp-content\/uploads\/2023\/07\/P1040022-768x576.jpg 768w, https:\/\/www.fmiv.nu\/wordpress\/wp-content\/uploads\/2023\/07\/P1040022-1536x1152.jpg 1536w, https:\/\/www.fmiv.nu\/wordpress\/wp-content\/uploads\/2023\/07\/P1040022-2048x1536.jpg 2048w\" sizes=\"auto, (max-width: 658px) 100vw, 658px\" \/><\/a><\/figure>\n\n\n\n<figure class=\"wp-block-image size-large is-resized\"><a href=\"https:\/\/www.fmiv.nu\/wordpress\/wp-content\/uploads\/2023\/07\/P1040028-scaled.jpg\"><img loading=\"lazy\" decoding=\"async\" src=\"https:\/\/www.fmiv.nu\/wordpress\/wp-content\/uploads\/2023\/07\/P1040028-1024x768.jpg\" alt=\"\" class=\"wp-image-15693\" width=\"651\" height=\"489\" srcset=\"https:\/\/www.fmiv.nu\/wordpress\/wp-content\/uploads\/2023\/07\/P1040028-1024x768.jpg 1024w, https:\/\/www.fmiv.nu\/wordpress\/wp-content\/uploads\/2023\/07\/P1040028-300x225.jpg 300w, https:\/\/www.fmiv.nu\/wordpress\/wp-content\/uploads\/2023\/07\/P1040028-768x576.jpg 768w, https:\/\/www.fmiv.nu\/wordpress\/wp-content\/uploads\/2023\/07\/P1040028-1536x1152.jpg 1536w, https:\/\/www.fmiv.nu\/wordpress\/wp-content\/uploads\/2023\/07\/P1040028-2048x1536.jpg 2048w\" sizes=\"auto, (max-width: 651px) 100vw, 651px\" \/><\/a><\/figure>\n\n\n\n<figure class=\"wp-block-pullquote\"><blockquote><p>Mycket l\u00e4rorikt sommarjobb! Man blir mer och mer bekv\u00e4m f\u00f6r varje s\u00e4ndning och man utvecklas som tekniker i radiostudion. Man l\u00e4r sig ocks\u00e5 samarbeta b\u00e4ttre i gruppen. \/Joline<\/p><\/blockquote><\/figure>\n\n\n\n<figure class=\"wp-block-pullquote\"><blockquote><p>Jag tycker att detta \u00e4r ett av de mest utvecklande sommarjobben man kan ha. Man l\u00e4r sig att ta ansvar, utveckla id\u00e9er och prata inf\u00f6r folk. Under tiden har jag blivit mer bekv\u00e4m och \u00e4ven haft det v\u00e4ldigt roligt. Man f\u00e5 m\u00f6jligheten att prata om n\u00e5got man sj\u00e4lv \u00e4r intressant och man blir \u00e4ven b\u00e4ttre p\u00e5 att samarbeta.<\/p><p>Vi har intervjuat personer p\u00e5 stan, vilket har gjort en mer bekv\u00e4m med att prata med fr\u00e4mlingar, och jag har \u00e4ven intervjuat en person i radiostudion.<\/p><p>\/Kerstin<\/p><\/blockquote><\/figure>\n\n\n\n<figure class=\"wp-block-pullquote is-style-default\"><blockquote><p>Upplevelsen p\u00e5 sommarradion har varit j\u00e4tterolig. Att bygga vidare p\u00e5 kunskaperna jag har f\u00e5tt h\u00e4r \u00e4r definitivt n\u00e5got som jag brinner f\u00f6r. Att bli mer social, utvecklas tekniskt, och en positivare inst\u00e4llning \u00c4r n\u00e5gra exempel p\u00e5 hur jag blivit \u201db\u00e4ttre\u201d. Varje dag har g\u00e5tt v\u00e4ldigt fort, vi har haft mycket kul b\u00e5de under radio pratandet och planeringen.<\/p><p>Jag kan samarbeta mycket enklare, och hur vi alla har utvecklats fr\u00e5n f\u00f6rsta dagen \u00e4r imponerande och jag \u00e4r stolt \u00f6ver oss.<\/p><p>Strukturerings f\u00f6rm\u00e5gan f\u00f6r min del har blivit mer utvecklad och jag tackar det h\u00e4rliga g\u00e4nget f\u00f6r det.<\/p><p>Annars har det varit v\u00e4ldigt sp\u00e4nnande, och jag \u00e4r glad att jag f\u00e5tt tr\u00e4ffat s\u00e5 fina m\u00e4nniskor.<\/p><p>Tack s\u00e5 mycket!<br>\/Pontus<\/p><\/blockquote><\/figure>\n\n\n\n<figure class=\"wp-block-pullquote\"><blockquote><p>Jag tycker min tid h\u00e4r p\u00e5 sommarradion varit otroligt l\u00e4rorik, intressant och rolig. K\u00e4nner att jag utvecklats och l\u00e4rt mig sammarbeta mer \u00e4n innan. \u00c4r mycket n\u00f6jd med min och alla andras insats, jag ser hur mycket vi utvecklats och hur bekv\u00e4ma vi blivit med arbetsuppgifterna samt varandra. Att jobba h\u00e4r har \u00e4ven f\u00e5tt mig att v\u00e5rda mitt spr\u00e5k p\u00e5 ett s\u00e4tt, \u00e4r mer uppm\u00e4rksam p\u00e5 vad jag s\u00e4ger, hur jag s\u00e4ger det och n\u00e4r jag s\u00e4ger det. Dessa nya egenskaper kommer jag att ha nytta av resten av mitt liv.<\/p><p>Tack!<\/p><p>Med v\u00e4nliga h\u00e4lsningar<\/p><p>Nicole Thorsberg<\/p><\/blockquote><\/figure>\n\n\n\n<figure class=\"wp-block-pullquote\"><blockquote><p>Jag tycker personligen att arbetet p\u00e5 &#8221;V\u00e5r Radio 93,7 MHz&#8221; har varit l\u00e4rorikt. Jag minns hur jag i b\u00f6rjan av perioden var v\u00e4ldigt nerv\u00f6s. Det k\u00e4ndes n\u00e4stan om\u00f6jligt att komma p\u00e5 15 olika \u00e4mnen att diskutera, men det gick. Jag var ocks\u00e5 nerv\u00f6s \u00f6ver att prata i direkts\u00e4ndning. D\u00e4remot k\u00e4nns det helt annorlunda nu. Jag k\u00e4nner att detta sommarjobb har gett mig nya egenskaper. Jag t\u00e4nker mer p\u00e5 vilka ord jag anv\u00e4nder och hur min r\u00f6st l\u00e5ter n\u00e4r jag pratar. Jag har helt enkelt blivit mer uppm\u00e4rksam \u00f6ver mitt tal.<\/p><p>Sommarradion har ocks\u00e5 gett mig en djupare insikt i radioyrket. Jag har f\u00e5tt testa att ha olika roller i direkts\u00e4ndning och det \u00e4r n\u00e5gonting som jag kommer att b\u00e4ra med mig in i framtiden. Jag \u00e4r verkligen n\u00f6jd \u00f6ver min grupps arbete och skulle inte \u00e4ndra p\u00e5 n\u00e5gonting.&#x1f60a;<\/p><p>\/\/Hanna<\/p><\/blockquote><\/figure>\n\n\n\n<figure class=\"wp-block-pullquote\"><blockquote><p>N\u00e4r jag f\u00f6rst kom hit och fick h\u00f6ra arbetsuppgifterna s\u00e5 blev jag lite orolig f\u00f6r hur det skulle g\u00e5. Vi skulle f\u00e5 ihop 15 \u00e4mnen som vi skulle prata om i en timme varje dag. Nu i efterhand s\u00e5 kan jag stolt s\u00e4ga att vi lyckades med det. N\u00e5gra \u00e4mnen\/teman var l\u00e4ttare att prata om \u00e4n andra men jag \u00e4r imponerad \u00f6ver mig och de andra i gruppen som jag har blivit tilldelad att vi lyckades med det varje dag.<br><br>Radion \u00e4r ett sommarjobb som jag tror \u00e4r mer givande \u00e4n andra som V\u00e4ster\u00e5s stad erbjuder sina ungdomar under sommarperioderna eftersom man f\u00e5r t\u00e4nka mycket kreativt och prata med nya m\u00e4nniskor och l\u00e4ra k\u00e4nna nya v\u00e4nner p\u00e5 grund av de l\u00e5nga samtal om olika saker som vi haft under perioden. H\u00f6jdpunkterna har varit d\u00e5 jag har f\u00e5tt intervjua m\u00e4nniskor, vare sig det \u00e4r i studion eller via Zoom. Jag hade \u00f6nskat flera intervjuer men det var sv\u00e5rt att anordna under s\u00e5 kort tid. Det \u00e4r verkligen n\u00e5got man borde planera l\u00e4ngre i f\u00f6rv\u00e4g \u00e4n vad vi har gjort.<\/p><p>Sammanfattningsvis s\u00e5 m\u00e5ste jag s\u00e4ga att jag \u00e4r tacksam  f\u00f6r m\u00f6jligheterna som det h\u00e4r jobbet faktiskt gett mig trots att det har varit lite likt skolan i vissa stunder. Jag p\u00e5verkas inte riktigt av nervositet s\u00e5 direkts\u00e4ndningarna har inte varit s\u00e4rskilt jobbiga f\u00f6r mig. Teamwork \u00e4r viktigt!<\/p><p>\/Elias<\/p><\/blockquote><\/figure>\n\n\n\n<p><\/p>\n","protected":false},"excerpt":{"rendered":"<p>Sommarradion \u00e4r ett \u00e5terkommande projekt som radion arrangerar i samarbete med V\u00e4ster\u00e5s Stad AME (arbetsmarknadsenheten) och lokala sponsorer. L\u00e4s mer om hur det gick till \u00e5r 2023! \u00c5tta gymnasieungdomar har i fyra veckor arbetat med att s\u00e4nda sommarradio varje vardag. Ungdomarna har blivit uppdelade i tv\u00e5 grupper. Grupperna arbetade enskilt och tr\u00e4ffade varandra p\u00e5 luncherna&hellip;&nbsp;<a href=\"https:\/\/www.fmiv.nu\/wordpress\/?page_id=15645\" rel=\"bookmark\">Read More &raquo;<span class=\"screen-reader-text\">Sommarradion 2023<\/span><\/a><\/p>\n","protected":false},"author":9,"featured_media":0,"parent":0,"menu_order":0,"comment_status":"closed","ping_status":"closed","template":"","meta":{"neve_meta_sidebar":"full-width","neve_meta_container":"","neve_meta_enable_content_width":"on","neve_meta_content_width":100,"neve_meta_title_alignment":"","neve_meta_author_avatar":"","neve_post_elements_order":"","neve_meta_disable_header":"","neve_meta_disable_footer":"","neve_meta_disable_title":"","neve_meta_reading_time":"","footnotes":""},"class_list":["post-15645","page","type-page","status-publish","hentry"],"_links":{"self":[{"href":"https:\/\/www.fmiv.nu\/wordpress\/index.php?rest_route=\/wp\/v2\/pages\/15645","targetHints":{"allow":["GET"]}}],"collection":[{"href":"https:\/\/www.fmiv.nu\/wordpress\/index.php?rest_route=\/wp\/v2\/pages"}],"about":[{"href":"https:\/\/www.fmiv.nu\/wordpress\/index.php?rest_route=\/wp\/v2\/types\/page"}],"author":[{"embeddable":true,"href":"https:\/\/www.fmiv.nu\/wordpress\/index.php?rest_route=\/wp\/v2\/users\/9"}],"replies":[{"embeddable":true,"href":"https:\/\/www.fmiv.nu\/wordpress\/index.php?rest_route=%2Fwp%2Fv2%2Fcomments&post=15645"}],"version-history":[{"count":27,"href":"https:\/\/www.fmiv.nu\/wordpress\/index.php?rest_route=\/wp\/v2\/pages\/15645\/revisions"}],"predecessor-version":[{"id":16005,"href":"https:\/\/www.fmiv.nu\/wordpress\/index.php?rest_route=\/wp\/v2\/pages\/15645\/revisions\/16005"}],"wp:attachment":[{"href":"https:\/\/www.fmiv.nu\/wordpress\/index.php?rest_route=%2Fwp%2Fv2%2Fmedia&parent=15645"}],"curies":[{"name":"wp","href":"https:\/\/api.w.org\/{rel}","templated":true}]}}